{"id":190,"date":"2025-01-18T11:21:37","date_gmt":"2025-01-18T11:21:37","guid":{"rendered":"https:\/\/hochzeitskoordinatoren.at\/?page_id=190"},"modified":"2025-01-18T12:47:07","modified_gmt":"2025-01-18T12:47:07","slug":"impressum","status":"publish","type":"page","link":"https:\/\/hochzeitskoordinatoren.at\/index.php\/impressum\/","title":{"rendered":"Impressum"},"content":{"rendered":"\t\t<div data-elementor-type=\"wp-page\" data-elementor-id=\"190\" class=\"elementor elementor-190\">\n\t\t\t\t<div class=\"elementor-element elementor-element-a606208 e-flex e-con-boxed wpr-particle-no wpr-jarallax-no wpr-parallax-no wpr-sticky-section-no e-con e-parent\" data-id=\"a606208\" data-element_type=\"container\" data-e-type=\"container\">\n\t\t\t\t\t<div class=\"e-con-inner\">\n\t\t\t\t<div class=\"elementor-element elementor-element-2b8b360 elementor-widget elementor-widget-text-editor\" data-id=\"2b8b360\" data-element_type=\"widget\" data-e-type=\"widget\" data-widget_type=\"text-editor.default\">\n\t\t\t\t<div class=\"elementor-widget-container\">\n\t\t\t\t\t\t\t\t\t<section class=\"elementor-section elementor-top-section elementor-element elementor-element-81ee33f elementor-section-boxed elementor-section-height-default elementor-section-height-default\" style=\"margin: 0px; padding: 0px; border: 0px; outline: 0px; font-variant-numeric: inherit; font-variant-east-asian: inherit; font-variant-alternates: inherit; font-variant-position: inherit; font-variant-emoji: inherit; font-stretch: inherit; line-height: inherit; font-optical-sizing: inherit; font-size-adjust: inherit; font-kerning: inherit; font-feature-settings: inherit; font-variation-settings: inherit; vertical-align: baseline; font-family: 'Open Sans', sans-serif; font-size: 14px; align-self: var(--align-self); flex-basis: var(--flex-basis); flex-grow: var(--flex-grow); flex-shrink: var(--flex-shrink); order: var(--order); --widgets-spacing: 20px 20px; --widgets-spacing-row: 20px; --widgets-spacing-column: 20px; color: #4a4a4a; background-color: #ffffff;\" data-id=\"81ee33f\" data-element_type=\"section\"><div class=\"elementor-container elementor-column-gap-default\" style=\"margin-top: 0px; margin-bottom: 0px; padding: 0px; border: 0px; outline: 0px; font-variant: inherit; font-stretch: inherit; line-height: inherit; font-optical-sizing: inherit; font-size-adjust: inherit; font-kerning: inherit; font-feature-settings: inherit; font-variation-settings: inherit; vertical-align: baseline; font-family: inherit; font-style: inherit; font-weight: inherit;\"><div class=\"elementor-column elementor-col-100 elementor-top-column elementor-element elementor-element-f7ba633\" style=\"margin: 0px; padding: 0px; border: 0px; outline: 0px; font-variant: inherit; font-stretch: inherit; line-height: inherit; font-optical-sizing: inherit; font-size-adjust: inherit; font-kerning: inherit; font-feature-settings: inherit; font-variation-settings: inherit; vertical-align: baseline; font-family: inherit; font-style: inherit; font-weight: inherit; align-self: var(--align-self); flex-basis: var(--flex-basis); flex-grow: var(--flex-grow); flex-shrink: var(--flex-shrink); order: var(--order); --widgets-spacing: 20px 20px; --widgets-spacing-row: 20px; --widgets-spacing-column: 20px; width: 1140px;\" data-id=\"f7ba633\" data-element_type=\"column\"><div class=\"elementor-widget-wrap elementor-element-populated\" style=\"margin: 0px; border: 0px; outline: 0px; font-variant: inherit; font-stretch: inherit; line-height: inherit; font-optical-sizing: inherit; font-size-adjust: inherit; font-kerning: inherit; font-feature-settings: inherit; font-variation-settings: inherit; vertical-align: baseline; font-family: inherit; font-style: inherit; font-weight: inherit; width: 1140px;\"><div class=\"elementor-element elementor-element-1f007cd elementor-widget elementor-widget-heading\" style=\"margin: 0px; padding: 0px; border: 0px; outline: 0px; font-variant: inherit; font-stretch: inherit; line-height: inherit; font-optical-sizing: inherit; font-size-adjust: inherit; font-kerning: inherit; font-feature-settings: inherit; font-variation-settings: inherit; vertical-align: baseline; font-family: inherit; font-style: inherit; font-weight: inherit; align-self: var(--align-self); flex-basis: var(--flex-basis); flex-grow: var(--flex-grow); flex-shrink: var(--flex-shrink); order: var(--order); align-content: var(--align-content); align-items: var(--align-items); flex-direction: var(--flex-direction); flex-wrap: var(--flex-wrap); gap: var(--row-gap) var(--column-gap); justify-content: var(--justify-content); --widgets-spacing: 20px 20px; --widgets-spacing-row: 20px; --widgets-spacing-column: 20px; width: 1120px;\" data-id=\"1f007cd\" data-element_type=\"widget\" data-widget_type=\"heading.default\"><div class=\"elementor-widget-container\" style=\"margin: 0px; padding: 0px; border: 0px; outline: 0px; font-variant: inherit; font-stretch: inherit; line-height: inherit; font-optical-sizing: inherit; font-size-adjust: inherit; font-kerning: inherit; font-feature-settings: inherit; font-variation-settings: inherit; vertical-align: baseline; font-family: inherit; font-style: inherit; font-weight: inherit; transition: background .3s,border .3s,border-radius .3s,box-shadow .3s,transform var(--e-transform-transition-duration,.4s);\"><h2 class=\"elementor-heading-title elementor-size-default\" style=\"border: 0px; outline: 0px; font-variant: inherit; font-stretch: inherit; line-height: var( --e-global-typography-7be26ab-line-height ); font-optical-sizing: inherit; font-size-adjust: inherit; font-kerning: inherit; font-feature-settings: inherit; font-variation-settings: inherit; vertical-align: baseline; font-family: var( --e-global-typography-7be26ab-font-family ), Sans-serif; font-size: var( --e-global-typography-7be26ab-font-size ); font-style: inherit; font-weight: var( --e-global-typography-7be26ab-font-weight ); color: #000000;\">Impressum<\/h2><\/div><\/div><\/div><\/div><\/div><\/section><section class=\"elementor-section elementor-top-section elementor-element elementor-element-4230b80 elementor-section-boxed elementor-section-height-default elementor-section-height-default\" style=\"margin: 0px; padding: 0px; border: 0px; outline: 0px; font-variant-numeric: inherit; font-variant-east-asian: inherit; font-variant-alternates: inherit; font-variant-position: inherit; font-variant-emoji: inherit; font-stretch: inherit; line-height: inherit; font-optical-sizing: inherit; font-size-adjust: inherit; font-kerning: inherit; font-feature-settings: inherit; font-variation-settings: inherit; vertical-align: baseline; font-family: 'Open Sans', sans-serif; font-size: 14px; align-self: var(--align-self); flex-basis: var(--flex-basis); flex-grow: var(--flex-grow); flex-shrink: var(--flex-shrink); order: var(--order); --widgets-spacing: 20px 20px; --widgets-spacing-row: 20px; --widgets-spacing-column: 20px; color: #4a4a4a; background-color: #ffffff;\" data-id=\"4230b80\" data-element_type=\"section\"><div class=\"elementor-container elementor-column-gap-default\" style=\"margin-top: 0px; margin-bottom: 0px; padding: 0px; border: 0px; outline: 0px; font-variant: inherit; font-stretch: inherit; line-height: inherit; font-optical-sizing: inherit; font-size-adjust: inherit; font-kerning: inherit; font-feature-settings: inherit; font-variation-settings: inherit; vertical-align: baseline; font-family: inherit; font-style: inherit; font-weight: inherit;\"><div class=\"elementor-column elementor-col-100 elementor-top-column elementor-element elementor-element-78eb5b5\" style=\"margin: 0px; padding: 0px; border: 0px; outline: 0px; font-variant: inherit; font-stretch: inherit; line-height: inherit; font-optical-sizing: inherit; font-size-adjust: inherit; font-kerning: inherit; font-feature-settings: inherit; font-variation-settings: inherit; vertical-align: baseline; font-family: inherit; font-style: inherit; font-weight: inherit; align-self: var(--align-self); flex-basis: var(--flex-basis); flex-grow: var(--flex-grow); flex-shrink: var(--flex-shrink); order: var(--order); --widgets-spacing: 20px 20px; --widgets-spacing-row: 20px; --widgets-spacing-column: 20px; width: 1140px;\" data-id=\"78eb5b5\" data-element_type=\"column\"><div class=\"elementor-widget-wrap elementor-element-populated\" style=\"margin: 0px; border: 0px; outline: 0px; font-variant: inherit; font-stretch: inherit; line-height: inherit; font-optical-sizing: inherit; font-size-adjust: inherit; font-kerning: inherit; font-feature-settings: inherit; font-variation-settings: inherit; vertical-align: baseline; font-family: inherit; font-style: inherit; font-weight: inherit; width: 1140px;\"><div class=\"elementor-element elementor-element-a083213 elementor-widget elementor-widget-text-editor\" style=\"margin: 0px; padding: 0px; border: 0px; outline: 0px; font-variant: inherit; font-stretch: inherit; line-height: var( --e-global-typography-485063d-line-height ); font-optical-sizing: inherit; font-size-adjust: inherit; font-kerning: inherit; font-feature-settings: inherit; font-variation-settings: inherit; vertical-align: baseline; font-family: var( --e-global-typography-485063d-font-family ), Sans-serif; font-size: var( --e-global-typography-485063d-font-size ); font-style: inherit; font-weight: var( --e-global-typography-485063d-font-weight ); align-self: var(--align-self); flex-basis: var(--flex-basis); flex-grow: var(--flex-grow); flex-shrink: var(--flex-shrink); order: var(--order); align-content: var(--align-content); align-items: var(--align-items); flex-direction: var(--flex-direction); flex-wrap: var(--flex-wrap); gap: var(--row-gap) var(--column-gap); justify-content: var(--justify-content); --widgets-spacing: 20px 20px; --widgets-spacing-row: 20px; --widgets-spacing-column: 20px; color: #000000; width: 1120px; letter-spacing: var( --e-global-typography-485063d-letter-spacing );\" data-id=\"a083213\" data-element_type=\"widget\" data-widget_type=\"text-editor.default\"><div class=\"elementor-widget-container\" style=\"margin: 0px; padding: 0px; border: 0px; outline: 0px; font-variant: inherit; font-stretch: inherit; line-height: inherit; font-optical-sizing: inherit; font-size-adjust: inherit; font-kerning: inherit; font-feature-settings: inherit; font-variation-settings: inherit; vertical-align: baseline; font-family: inherit; font-size: 15px; font-style: inherit; font-weight: inherit; transition: background .3s,border .3s,border-radius .3s,box-shadow .3s,transform var(--e-transform-transition-duration,.4s);\"><p style=\"margin: 0px 0px 20px; padding: 0px; border: 0px; outline: 0px; font-variant: inherit; font-stretch: inherit; line-height: inherit; font-optical-sizing: inherit; font-size-adjust: inherit; font-kerning: inherit; font-feature-settings: inherit; font-variation-settings: inherit; vertical-align: baseline; font-family: inherit; font-style: inherit; font-weight: inherit;\">Firmenname: One Day e.U.<\/p><p style=\"margin: 0px 0px 20px; padding: 0px; border: 0px; outline: 0px; font-variant: inherit; font-stretch: inherit; line-height: inherit; font-optical-sizing: inherit; font-size-adjust: inherit; font-kerning: inherit; font-feature-settings: inherit; font-variation-settings: inherit; vertical-align: baseline; font-family: inherit; font-style: inherit; font-weight: inherit;\">Firmensitz: Grenzgasse 111\/1\/9, 2344 Maria Enzersdorf<\/p><p style=\"margin: 0px 0px 20px; padding: 0px; border: 0px; outline: 0px; font-variant: inherit; font-stretch: inherit; line-height: inherit; font-optical-sizing: inherit; font-size-adjust: inherit; font-kerning: inherit; font-feature-settings: inherit; font-variation-settings: inherit; vertical-align: baseline; font-family: inherit; font-style: inherit; font-weight: inherit;\">Tel.: +43 6641849009<\/p><p style=\"margin: 0px 0px 20px; padding: 0px; border: 0px; outline: 0px; font-variant: inherit; font-stretch: inherit; line-height: inherit; font-optical-sizing: inherit; font-size-adjust: inherit; font-kerning: inherit; font-feature-settings: inherit; font-variation-settings: inherit; vertical-align: baseline; font-family: inherit; font-style: inherit; font-weight: inherit;\">Mail: mail@oneday-events.at<\/p><p style=\"margin: 0px 0px 20px; padding: 0px; border: 0px; outline: 0px; font-variant: inherit; font-stretch: inherit; line-height: inherit; font-optical-sizing: inherit; font-size-adjust: inherit; font-kerning: inherit; font-feature-settings: inherit; font-variation-settings: inherit; vertical-align: baseline; font-family: inherit; font-style: inherit; font-weight: inherit;\">UID-Nummer: ATU76242567<\/p><p style=\"margin: 0px 0px 20px; padding: 0px; border: 0px; outline: 0px; font-variant: inherit; font-stretch: inherit; line-height: inherit; font-optical-sizing: inherit; font-size-adjust: inherit; font-kerning: inherit; font-feature-settings: inherit; font-variation-settings: inherit; vertical-align: baseline; font-family: inherit; font-style: inherit; font-weight: inherit;\">Firmenbuchnummer: FN 494175 d<\/p><p style=\"margin: 0px 0px 20px; padding: 0px; border: 0px; outline: 0px; font-variant: inherit; font-stretch: inherit; line-height: inherit; font-optical-sizing: inherit; font-size-adjust: inherit; font-kerning: inherit; font-feature-settings: inherit; font-variation-settings: inherit; vertical-align: baseline; font-family: inherit; font-style: inherit; font-weight: inherit;\">Firmenbuchgericht: Landesgericht Wiener Neustadt<\/p><p style=\"margin: 0px 0px 20px; padding: 0px; border: 0px; outline: 0px; font-variant: inherit; font-stretch: inherit; line-height: inherit; font-optical-sizing: inherit; font-size-adjust: inherit; font-kerning: inherit; font-feature-settings: inherit; font-variation-settings: inherit; vertical-align: baseline; font-family: inherit; font-style: inherit; font-weight: inherit;\">zust\u00e4ndige Aufsichtsbeh\u00f6rde: BH M\u00f6dling<\/p><p style=\"margin: 0px 0px 20px; padding: 0px; border: 0px; outline: 0px; font-variant: inherit; font-stretch: inherit; line-height: inherit; font-optical-sizing: inherit; font-size-adjust: inherit; font-kerning: inherit; font-feature-settings: inherit; font-variation-settings: inherit; vertical-align: baseline; font-family: inherit; font-style: inherit; font-weight: inherit;\">Fachgruppe: Organisation von Veranstaltungen, M\u00e4rkten und Messen (Eventmanagement)<\/p><p style=\"margin: 0px 0px 20px; padding: 0px; border: 0px; outline: 0px; font-variant: inherit; font-stretch: inherit; line-height: inherit; font-optical-sizing: inherit; font-size-adjust: inherit; font-kerning: inherit; font-feature-settings: inherit; font-variation-settings: inherit; vertical-align: baseline; font-family: inherit; font-style: inherit; font-weight: inherit;\">Verleihender Mitgliedsstaat: \u00d6sterreich<\/p><p style=\"margin: 0px 0px 20px; padding: 0px; border: 0px; outline: 0px; font-variant: inherit; font-stretch: inherit; line-height: inherit; font-optical-sizing: inherit; font-size-adjust: inherit; font-kerning: inherit; font-feature-settings: inherit; font-variation-settings: inherit; vertical-align: baseline; font-family: inherit; font-style: inherit; font-weight: inherit;\"><a style=\"margin: 0px; padding: 0px; border: 0px; outline: 0px; font-variant: inherit; font-stretch: inherit; line-height: inherit; font-optical-sizing: inherit; font-size-adjust: inherit; font-kerning: inherit; font-feature-settings: inherit; font-variation-settings: inherit; vertical-align: baseline; font-family: inherit; font-style: inherit; font-weight: inherit; color: #333333; transition: 0.3s;\" title=\"https:\/\/firmen.wko.at\/Web\/DetailsKontakt.aspx?FirmaID=b395bd43-a421-4030-9922-d2984fbc277a&amp;StandortID=0&amp;Suchbegriff=One+Day&amp;Page=1\" href=\"https:\/\/firmen.wko.at\/Web\/DetailsKontakt.aspx?FirmaID=b395bd43-a421-4030-9922-d2984fbc277a&amp;StandortID=0&amp;Suchbegriff=One+Day&amp;Page=1\" target=\"_blank\" rel=\"noopener\">Firmeninformationen im Firmen A-Z der WKO<\/a><\/p><p style=\"margin: 0px 0px 20px; padding: 0px; border: 0px; outline: 0px; font-variant: inherit; font-stretch: inherit; line-height: inherit; font-optical-sizing: inherit; font-size-adjust: inherit; font-kerning: inherit; font-feature-settings: inherit; font-variation-settings: inherit; vertical-align: baseline; font-family: inherit; font-style: inherit; font-weight: inherit;\">Fotocredits:<\/p><p style=\"margin: 0px 0px 20px; padding: 0px; border: 0px; outline: 0px; font-variant: inherit; font-stretch: inherit; line-height: inherit; font-optical-sizing: inherit; font-size-adjust: inherit; font-kerning: inherit; font-feature-settings: inherit; font-variation-settings: inherit; vertical-align: baseline; font-family: inherit; font-style: inherit; font-weight: inherit;\">Hannah &amp; Ren\u00e9<\/p><p style=\"margin: 0px 0px 20px; padding: 0px; border: 0px; outline: 0px; font-variant: inherit; font-stretch: inherit; line-height: inherit; font-optical-sizing: inherit; font-size-adjust: inherit; font-kerning: inherit; font-feature-settings: inherit; font-variation-settings: inherit; vertical-align: baseline; font-family: inherit; font-style: inherit; font-weight: inherit;\">Bianca &amp; Lukas<\/p><p style=\"margin: 0px 0px 20px; padding: 0px; border: 0px; outline: 0px; font-variant: inherit; font-stretch: inherit; line-height: inherit; font-optical-sizing: inherit; font-size-adjust: inherit; font-kerning: inherit; font-feature-settings: inherit; font-variation-settings: inherit; vertical-align: baseline; font-family: inherit; font-style: inherit; font-weight: inherit;\">Viola Jagl Photography<\/p><p style=\"margin: 0px 0px 20px; padding: 0px; border: 0px; outline: 0px; font-variant: inherit; font-stretch: inherit; line-height: inherit; font-optical-sizing: inherit; font-size-adjust: inherit; font-kerning: inherit; font-feature-settings: inherit; font-variation-settings: inherit; vertical-align: baseline; font-family: inherit; font-style: inherit; font-weight: inherit;\">Marie Bleyer<\/p><\/div><\/div><\/div><\/div><\/div><\/section>\t\t\t\t\t\t\t\t<\/div>\n\t\t\t\t<\/div>\n\t\t\t\t\t<\/div>\n\t\t\t\t<\/div>\n\t\t\t\t<\/div>\n\t\t","protected":false},"excerpt":{"rendered":"<p>Impressum Firmenname: One Day e.U. Firmensitz: Grenzgasse 111\/1\/9, 2344 Maria Enzersdorf Tel.: +43 6641849009 Mail: mail@oneday-events.at UID-Nummer: ATU76242567 Firmenbuchnummer: FN 494175 d Firmenbuchgericht: Landesgericht Wiener Neustadt zust\u00e4ndige Aufsichtsbeh\u00f6rde: BH M\u00f6dling Fachgruppe: Organisation von Veranstaltungen, M\u00e4rkten und Messen (Eventmanagement) Verleihender Mitgliedsstaat: \u00d6sterreich Firmeninformationen im Firmen A-Z der WKO Fotocredits: Hannah &amp; Ren\u00e9 Bianca &amp; Lukas Viola Jagl Photography Marie Bleyer<\/p>\n","protected":false},"author":1,"featured_media":0,"parent":0,"menu_order":0,"comment_status":"closed","ping_status":"closed","template":"elementor_header_footer","meta":{"footnotes":""},"class_list":["post-190","page","type-page","status-publish","hentry"],"yoast_head":"<!-- This site is optimized with the Yoast SEO plugin v27.1.1 - https:\/\/yoast.com\/product\/yoast-seo-wordpress\/ -->\n<title>Impressum - Hochzeitskoordinatoren<\/title>\n<meta name=\"robots\" content=\"index, follow, max-snippet:-1, max-image-preview:large, max-video-preview:-1\" \/>\n<link rel=\"canonical\" href=\"https:\/\/hochzeitskoordinatoren.at\/index.php\/impressum\/\" \/>\n<meta property=\"og:locale\" content=\"de_DE\" \/>\n<meta property=\"og:type\" content=\"article\" \/>\n<meta property=\"og:title\" content=\"Impressum - Hochzeitskoordinatoren\" \/>\n<meta property=\"og:description\" content=\"Impressum Firmenname: One Day e.U. Firmensitz: Grenzgasse 111\/1\/9, 2344 Maria Enzersdorf Tel.: +43 6641849009 Mail: mail@oneday-events.at UID-Nummer: ATU76242567 Firmenbuchnummer: FN 494175 d Firmenbuchgericht: Landesgericht Wiener Neustadt zust\u00e4ndige Aufsichtsbeh\u00f6rde: BH M\u00f6dling Fachgruppe: Organisation von Veranstaltungen, M\u00e4rkten und Messen (Eventmanagement) Verleihender Mitgliedsstaat: \u00d6sterreich Firmeninformationen im Firmen A-Z der WKO Fotocredits: Hannah &amp; Ren\u00e9 Bianca &amp; Lukas Viola Jagl Photography Marie Bleyer\" \/>\n<meta property=\"og:url\" content=\"https:\/\/hochzeitskoordinatoren.at\/index.php\/impressum\/\" \/>\n<meta property=\"og:site_name\" content=\"Hochzeitskoordinatoren\" \/>\n<meta property=\"article:modified_time\" content=\"2025-01-18T12:47:07+00:00\" \/>\n<meta name=\"twitter:card\" content=\"summary_large_image\" \/>\n<meta name=\"twitter:label1\" content=\"Gesch\u00e4tzte Lesezeit\" \/>\n\t<meta name=\"twitter:data1\" content=\"1\u00a0Minute\" \/>\n<script type=\"application\/ld+json\" class=\"yoast-schema-graph\">{\"@context\":\"https:\/\/schema.org\",\"@graph\":[{\"@type\":\"WebPage\",\"@id\":\"https:\/\/hochzeitskoordinatoren.at\/index.php\/impressum\/\",\"url\":\"https:\/\/hochzeitskoordinatoren.at\/index.php\/impressum\/\",\"name\":\"Impressum - Hochzeitskoordinatoren\",\"isPartOf\":{\"@id\":\"https:\/\/hochzeitskoordinatoren.at\/#website\"},\"datePublished\":\"2025-01-18T11:21:37+00:00\",\"dateModified\":\"2025-01-18T12:47:07+00:00\",\"breadcrumb\":{\"@id\":\"https:\/\/hochzeitskoordinatoren.at\/index.php\/impressum\/#breadcrumb\"},\"inLanguage\":\"de\",\"potentialAction\":[{\"@type\":\"ReadAction\",\"target\":[\"https:\/\/hochzeitskoordinatoren.at\/index.php\/impressum\/\"]}]},{\"@type\":\"BreadcrumbList\",\"@id\":\"https:\/\/hochzeitskoordinatoren.at\/index.php\/impressum\/#breadcrumb\",\"itemListElement\":[{\"@type\":\"ListItem\",\"position\":1,\"name\":\"Startseite\",\"item\":\"https:\/\/hochzeitskoordinatoren.at\/\"},{\"@type\":\"ListItem\",\"position\":2,\"name\":\"Impressum\"}]},{\"@type\":\"WebSite\",\"@id\":\"https:\/\/hochzeitskoordinatoren.at\/#website\",\"url\":\"https:\/\/hochzeitskoordinatoren.at\/\",\"name\":\"Hochzeitskoordinatoren\",\"description\":\"\",\"publisher\":{\"@id\":\"https:\/\/hochzeitskoordinatoren.at\/#organization\"},\"potentialAction\":[{\"@type\":\"SearchAction\",\"target\":{\"@type\":\"EntryPoint\",\"urlTemplate\":\"https:\/\/hochzeitskoordinatoren.at\/?s={search_term_string}\"},\"query-input\":{\"@type\":\"PropertyValueSpecification\",\"valueRequired\":true,\"valueName\":\"search_term_string\"}}],\"inLanguage\":\"de\"},{\"@type\":\"Organization\",\"@id\":\"https:\/\/hochzeitskoordinatoren.at\/#organization\",\"name\":\"Hochzeitskoordinatoren\",\"url\":\"https:\/\/hochzeitskoordinatoren.at\/\",\"logo\":{\"@type\":\"ImageObject\",\"inLanguage\":\"de\",\"@id\":\"https:\/\/hochzeitskoordinatoren.at\/#\/schema\/logo\/image\/\",\"url\":\"https:\/\/hochzeitskoordinatoren.at\/wp-content\/uploads\/2024\/10\/Hochzeitskoordinatoren_Emblem_schwarz.jpg\",\"contentUrl\":\"https:\/\/hochzeitskoordinatoren.at\/wp-content\/uploads\/2024\/10\/Hochzeitskoordinatoren_Emblem_schwarz.jpg\",\"width\":465,\"height\":465,\"caption\":\"Hochzeitskoordinatoren\"},\"image\":{\"@id\":\"https:\/\/hochzeitskoordinatoren.at\/#\/schema\/logo\/image\/\"}}]}<\/script>\n<!-- \/ Yoast SEO plugin. -->","yoast_head_json":{"title":"Impressum - Hochzeitskoordinatoren","robots":{"index":"index","follow":"follow","max-snippet":"max-snippet:-1","max-image-preview":"max-image-preview:large","max-video-preview":"max-video-preview:-1"},"canonical":"https:\/\/hochzeitskoordinatoren.at\/index.php\/impressum\/","og_locale":"de_DE","og_type":"article","og_title":"Impressum - Hochzeitskoordinatoren","og_description":"Impressum Firmenname: One Day e.U. Firmensitz: Grenzgasse 111\/1\/9, 2344 Maria Enzersdorf Tel.: +43 6641849009 Mail: mail@oneday-events.at UID-Nummer: ATU76242567 Firmenbuchnummer: FN 494175 d Firmenbuchgericht: Landesgericht Wiener Neustadt zust\u00e4ndige Aufsichtsbeh\u00f6rde: BH M\u00f6dling Fachgruppe: Organisation von Veranstaltungen, M\u00e4rkten und Messen (Eventmanagement) Verleihender Mitgliedsstaat: \u00d6sterreich Firmeninformationen im Firmen A-Z der WKO Fotocredits: Hannah &amp; Ren\u00e9 Bianca &amp; Lukas Viola Jagl Photography Marie Bleyer","og_url":"https:\/\/hochzeitskoordinatoren.at\/index.php\/impressum\/","og_site_name":"Hochzeitskoordinatoren","article_modified_time":"2025-01-18T12:47:07+00:00","twitter_card":"summary_large_image","twitter_misc":{"Gesch\u00e4tzte Lesezeit":"1\u00a0Minute"},"schema":{"@context":"https:\/\/schema.org","@graph":[{"@type":"WebPage","@id":"https:\/\/hochzeitskoordinatoren.at\/index.php\/impressum\/","url":"https:\/\/hochzeitskoordinatoren.at\/index.php\/impressum\/","name":"Impressum - Hochzeitskoordinatoren","isPartOf":{"@id":"https:\/\/hochzeitskoordinatoren.at\/#website"},"datePublished":"2025-01-18T11:21:37+00:00","dateModified":"2025-01-18T12:47:07+00:00","breadcrumb":{"@id":"https:\/\/hochzeitskoordinatoren.at\/index.php\/impressum\/#breadcrumb"},"inLanguage":"de","potentialAction":[{"@type":"ReadAction","target":["https:\/\/hochzeitskoordinatoren.at\/index.php\/impressum\/"]}]},{"@type":"BreadcrumbList","@id":"https:\/\/hochzeitskoordinatoren.at\/index.php\/impressum\/#breadcrumb","itemListElement":[{"@type":"ListItem","position":1,"name":"Startseite","item":"https:\/\/hochzeitskoordinatoren.at\/"},{"@type":"ListItem","position":2,"name":"Impressum"}]},{"@type":"WebSite","@id":"https:\/\/hochzeitskoordinatoren.at\/#website","url":"https:\/\/hochzeitskoordinatoren.at\/","name":"Hochzeitskoordinatoren","description":"","publisher":{"@id":"https:\/\/hochzeitskoordinatoren.at\/#organization"},"potentialAction":[{"@type":"SearchAction","target":{"@type":"EntryPoint","urlTemplate":"https:\/\/hochzeitskoordinatoren.at\/?s={search_term_string}"},"query-input":{"@type":"PropertyValueSpecification","valueRequired":true,"valueName":"search_term_string"}}],"inLanguage":"de"},{"@type":"Organization","@id":"https:\/\/hochzeitskoordinatoren.at\/#organization","name":"Hochzeitskoordinatoren","url":"https:\/\/hochzeitskoordinatoren.at\/","logo":{"@type":"ImageObject","inLanguage":"de","@id":"https:\/\/hochzeitskoordinatoren.at\/#\/schema\/logo\/image\/","url":"https:\/\/hochzeitskoordinatoren.at\/wp-content\/uploads\/2024\/10\/Hochzeitskoordinatoren_Emblem_schwarz.jpg","contentUrl":"https:\/\/hochzeitskoordinatoren.at\/wp-content\/uploads\/2024\/10\/Hochzeitskoordinatoren_Emblem_schwarz.jpg","width":465,"height":465,"caption":"Hochzeitskoordinatoren"},"image":{"@id":"https:\/\/hochzeitskoordinatoren.at\/#\/schema\/logo\/image\/"}}]}},"_links":{"self":[{"href":"https:\/\/hochzeitskoordinatoren.at\/index.php\/wp-json\/wp\/v2\/pages\/190","targetHints":{"allow":["GET"]}}],"collection":[{"href":"https:\/\/hochzeitskoordinatoren.at\/index.php\/wp-json\/wp\/v2\/pages"}],"about":[{"href":"https:\/\/hochzeitskoordinatoren.at\/index.php\/wp-json\/wp\/v2\/types\/page"}],"author":[{"embeddable":true,"href":"https:\/\/hochzeitskoordinatoren.at\/index.php\/wp-json\/wp\/v2\/users\/1"}],"replies":[{"embeddable":true,"href":"https:\/\/hochzeitskoordinatoren.at\/index.php\/wp-json\/wp\/v2\/comments?post=190"}],"version-history":[{"count":5,"href":"https:\/\/hochzeitskoordinatoren.at\/index.php\/wp-json\/wp\/v2\/pages\/190\/revisions"}],"predecessor-version":[{"id":263,"href":"https:\/\/hochzeitskoordinatoren.at\/index.php\/wp-json\/wp\/v2\/pages\/190\/revisions\/263"}],"wp:attachment":[{"href":"https:\/\/hochzeitskoordinatoren.at\/index.php\/wp-json\/wp\/v2\/media?parent=190"}],"curies":[{"name":"wp","href":"https:\/\/api.w.org\/{rel}","templated":true}]}}